{"id":64267,"date":"2022-06-01T07:35:41","date_gmt":"2022-06-01T07:35:41","guid":{"rendered":"https:\/\/www.mirsa.es\/?page_id=64267"},"modified":"2022-06-01T07:37:19","modified_gmt":"2022-06-01T07:37:19","slug":"silla-janet-molteni-c","status":"publish","type":"page","link":"https:\/\/www.mirsa.es\/ca\/silla-janet-molteni-c\/","title":{"rendered":"Silla Janet Molteni &#038; C"},"content":{"rendered":"<div class=\"wpb-content-wrapper\"><p>[vc_row][vc_column][vc_column_text]<br \/>\n<img decoding=\"async\" class=\"wp-image-1077 size-large aligncenter\" alt=\"Silla Janet Molteni &#038; C\" title=\"Silla Janet Molteni &#038; C\" src=\"\/wp-content\/uploads\/2022\/05\/silla_janet_molteni_c.jpg\" width=\"100%\" height=\"400\"\/><\/p>\n<h2 style=\"font-size: 16px; text-align: left;\"><strong>Janet de la prestigiosa firma italiana Molteni &#038; C \u00e9s una elegant i funcional cadira de disseny contemporani patentada pel reconegut dissenyador Belga Vincent Van Duysen.<\/strong><\/h2>\n<p style=\"font-size: 16px; text-align: left;\">Es tracta d&#8217;una cadira de l\u00ednies pures i delicades, que es caracteritza per la seva robustesa i versatilitat. L&#8217;estructura de fusta est\u00e0 disponible en fusta massissa de roure negre o eucalipto.<\/p>\n<p style=\"font-size: 16px; text-align: left;\">L&#8217;atenci\u00f3 pel detall i la puresa de les seves l\u00ednies creen un sistema harmoni\u00f3s i equilibrat que, gr\u00e0cies a la seva forta personalitat, es converteix en un element essencial a la zona de dia.<\/p>\n<p style=\"font-size: 16px; text-align: left;\">Gr\u00e0cies a les seves m\u00faltiples opcions de configuraci\u00f3 i personalitzaci\u00f3, la cadira Janet s&#8217;adapta amb facilitat a qualsevol mena d&#8217;espai, aportant solucions exclusives i funcionals pel sal\u00f3 i el menjador.<\/p>\n<p style=\"font-size: 16px; text-align: left;\">La seva estructura ergon\u00f2mica est\u00e0 recoberta per una fina capa de poliuret\u00e0 superior, que garanteix la m\u00e0xima comoditat, aportant una est\u00e8tica refinada i exclusiva al sistema.<\/p>\n<p style=\"font-size: 16px; text-align: left;\">Com la resta de col\u00b7leccions de la firma italiana, la cadira Janet est\u00e0 disponible en un ampli ventall d&#8217;opcions de teixits i pells.<\/p>\n<p style=\"font-size: 16px; text-align: left;\">A MIRSA interiorisme &#038; mobiliari som distribu\u00efdors oficials Molteni &#038; C. Per a m\u00e9s informaci\u00f3, visiti el nostre Showroom o contacti amb nosaltres.<\/p>\n<p>[\/vc_column_text][vc_row_inner][vc_column_inner]<style type=\"text\/css\">#bklyn_btn_69f3e0fee498c .bklyn-btn { color:#ffffff !important; background-color:black !important; }<\/style><div id=\"bklyn_btn_69f3e0fee498c\" class=\"bklyn-btn-holder  bklyn-btn-center bklyn-btn-tablet-center bklyn-btn-mobile-center\"><a title=\"Contacto\"   href=\"\/contacto\" target=\"_self\" class=\"bklyn-btn  bklyn-btn-icon-left bklyn-btn-normal\" ><i class=\"fa fa-envelope\"><\/i><span class=\"ut-btn-text\">M\u00e1s informaci\u00f3n<\/span><\/a><\/div>[\/vc_column_inner][\/vc_row_inner][vc_row_inner][vc_column_inner width=&#8221;1\/2&#8243;]<div  class=\"wpb_content_element   clearfix\"><style type=\"text\/css\">#ut_am_69f3e0fee4d9a { opacity: 1; }#ut_am_wrap_69f3e0fee4d9b { text-align: left; }@media (min-width: 768px) and (max-width: 1024px) { #ut_am_wrap_69f3e0fee4d9b { text-align: left !important; } }@media (max-width: 767px) { #ut_am_wrap_69f3e0fee4d9b { text-align: center !important; } }<\/style><div id=\"ut_am_wrap_69f3e0fee4d9b\" class=\"ut-image-gallery-image \"><div id=\"ut_reveal_69f3e0fee4d9c\"  data-appear-top-offset=\"auto\" class=\"ut-animated-image-item ut-image-gallery-item ut-animation-done \"><a class=\"ut-deactivated-link\" href=\"#\"><div class=\"ut-animated-image-zoom\">\r\n        <div class=\"ut-element-glitch-wrap\">\r\n\r\n            \r\n        <style type=\"text\/css\">\r\n\r\n                        \r\n        @media (min-width: 1025px) {\r\n\r\n        #ut-element-glitch-69f3e0fee4dbc578803516-64260 .ut-glitch-single-element {\r\n                                            \r\n                }\r\n        }\r\n\r\n        @media (min-width: 768px) and (max-width: 1024px) {\r\n\r\n        #ut-element-glitch-69f3e0fee4dbc578803516-64260 .ut-glitch-single-element {\r\n                                                \r\n                    }\r\n        }\r\n\r\n        @media (max-width: 767px) {\r\n\r\n        #ut-element-glitch-69f3e0fee4dbc578803516-64260 .ut-glitch-single-element {\r\n                                                \r\n                    }\r\n        }\r\n\r\n        \r\n        <\/style>\r\n\r\n        \r\n            <div id=\"ut-element-glitch-69f3e0fee4dbc578803516-64260\" class=\" ut-element-glitch ut-glitch-none ut-element-glitch-permanent\">\r\n                <div class=\"ut-glitch-single-element ut-lozad skip-lazy\" data-background-image=\"https:\/\/www.mirsa.es\/wp-content\/uploads\/2022\/05\/silla_janet_molteni_c_01.jpg\"><\/div>\r\n                <div class=\"ut-glitch-single-element ut-lozad skip-lazy\" data-background-image=\"https:\/\/www.mirsa.es\/wp-content\/uploads\/2022\/05\/silla_janet_molteni_c_01.jpg\"><\/div>\r\n                <div class=\"ut-glitch-single-element ut-lozad skip-lazy\" data-background-image=\"https:\/\/www.mirsa.es\/wp-content\/uploads\/2022\/05\/silla_janet_molteni_c_01.jpg\"><\/div>\r\n                <div class=\"ut-glitch-single-element ut-lozad skip-lazy\" data-background-image=\"https:\/\/www.mirsa.es\/wp-content\/uploads\/2022\/05\/silla_janet_molteni_c_01.jpg\"><\/div>\r\n                <div class=\"ut-glitch-single-element ut-lozad skip-lazy\" data-background-image=\"https:\/\/www.mirsa.es\/wp-content\/uploads\/2022\/05\/silla_janet_molteni_c_01.jpg\"><\/div>\r\n            <\/div>\r\n\r\n        <\/div>\r\n\r\n        <img loading=\"lazy\" decoding=\"async\" class=\"ut-lazy skip-lazy ut-animated-image \"  id=\"ut_am_69f3e0fee4d9a\" src=\"data:image\/svg+xml;charset=utf-8,%3Csvg xmlns%3D'http%3A%2F%2Fwww.w3.org%2F2000%2Fsvg' viewBox%3D'0 0 865 1195'%2F%3E\" data-src=\"https:\/\/www.mirsa.es\/wp-content\/uploads\/2022\/05\/silla_janet_molteni_c_01.jpg\" width=\"865\" height=\"1195\" alt=\"\"\/><\/div><\/a><\/div><\/div><\/div>[\/vc_column_inner][vc_column_inner width=&#8221;1\/2&#8243;]<div  class=\"wpb_content_element   clearfix\"><style type=\"text\/css\">#ut_am_69f3e0fee50e0 { opacity: 1; }#ut_am_wrap_69f3e0fee50e1 { text-align: left; }@media (min-width: 768px) and (max-width: 1024px) { #ut_am_wrap_69f3e0fee50e1 { text-align: left !important; } }@media (max-width: 767px) { #ut_am_wrap_69f3e0fee50e1 { text-align: center !important; } }<\/style><div id=\"ut_am_wrap_69f3e0fee50e1\" class=\"ut-image-gallery-image \"><div id=\"ut_reveal_69f3e0fee50e2\"  data-appear-top-offset=\"auto\" class=\"ut-animated-image-item ut-image-gallery-item ut-animation-done \"><a class=\"ut-deactivated-link\" href=\"#\"><div class=\"ut-animated-image-zoom\">\r\n        <div class=\"ut-element-glitch-wrap\">\r\n\r\n            \r\n        <style type=\"text\/css\">\r\n\r\n                        \r\n        @media (min-width: 1025px) {\r\n\r\n        #ut-element-glitch-69f3e0fee50f5329319208-64263 .ut-glitch-single-element {\r\n                                            \r\n                }\r\n        }\r\n\r\n        @media (min-width: 768px) and (max-width: 1024px) {\r\n\r\n        #ut-element-glitch-69f3e0fee50f5329319208-64263 .ut-glitch-single-element {\r\n                                                \r\n                    }\r\n        }\r\n\r\n        @media (max-width: 767px) {\r\n\r\n        #ut-element-glitch-69f3e0fee50f5329319208-64263 .ut-glitch-single-element {\r\n                                                \r\n                    }\r\n        }\r\n\r\n        \r\n        <\/style>\r\n\r\n        \r\n            <div id=\"ut-element-glitch-69f3e0fee50f5329319208-64263\" class=\" ut-element-glitch ut-glitch-none ut-element-glitch-permanent\">\r\n                <div class=\"ut-glitch-single-element ut-lozad skip-lazy\" data-background-image=\"https:\/\/www.mirsa.es\/wp-content\/uploads\/2022\/05\/silla_janet_molteni_c_02.jpg\"><\/div>\r\n                <div class=\"ut-glitch-single-element ut-lozad skip-lazy\" data-background-image=\"https:\/\/www.mirsa.es\/wp-content\/uploads\/2022\/05\/silla_janet_molteni_c_02.jpg\"><\/div>\r\n                <div class=\"ut-glitch-single-element ut-lozad skip-lazy\" data-background-image=\"https:\/\/www.mirsa.es\/wp-content\/uploads\/2022\/05\/silla_janet_molteni_c_02.jpg\"><\/div>\r\n                <div class=\"ut-glitch-single-element ut-lozad skip-lazy\" data-background-image=\"https:\/\/www.mirsa.es\/wp-content\/uploads\/2022\/05\/silla_janet_molteni_c_02.jpg\"><\/div>\r\n                <div class=\"ut-glitch-single-element ut-lozad skip-lazy\" data-background-image=\"https:\/\/www.mirsa.es\/wp-content\/uploads\/2022\/05\/silla_janet_molteni_c_02.jpg\"><\/div>\r\n            <\/div>\r\n\r\n        <\/div>\r\n\r\n        <img loading=\"lazy\" decoding=\"async\" class=\"ut-lazy skip-lazy ut-animated-image \"  id=\"ut_am_69f3e0fee50e0\" src=\"data:image\/svg+xml;charset=utf-8,%3Csvg xmlns%3D'http%3A%2F%2Fwww.w3.org%2F2000%2Fsvg' viewBox%3D'0 0 865 1195'%2F%3E\" data-src=\"https:\/\/www.mirsa.es\/wp-content\/uploads\/2022\/05\/silla_janet_molteni_c_02.jpg\" width=\"865\" height=\"1195\" alt=\"\"\/><\/div><\/a><\/div><\/div><\/div>[\/vc_column_inner][\/vc_row_inner][\/vc_column][\/vc_row]<\/p>\n<\/div>","protected":false},"excerpt":{"rendered":"<p>[vc_row][vc_column][vc_column_text] Janet de la prestigiosa firma italiana Molteni &#038; C \u00e9s una elegant i funcional cadira de disseny contemporani patentada pel reconegut dissenyador Belga Vincent Van Duysen. Es tracta d&#8217;una cadira de l\u00ednies pures i delicades, que es caracteritza per la seva robustesa i versatilitat. L&#8217;estructura de fusta est\u00e0 disponible en fusta massissa de roure [&hellip;]<\/p>\n","protected":false},"author":1,"featured_media":0,"parent":0,"menu_order":0,"comment_status":"closed","ping_status":"closed","template":"","meta":{"footnotes":""},"class_list":["post-64267","page","type-page","status-publish","hentry"],"aioseo_notices":[],"_links":{"self":[{"href":"https:\/\/www.mirsa.es\/ca\/wp-json\/wp\/v2\/pages\/64267","targetHints":{"allow":["GET"]}}],"collection":[{"href":"https:\/\/www.mirsa.es\/ca\/wp-json\/wp\/v2\/pages"}],"about":[{"href":"https:\/\/www.mirsa.es\/ca\/wp-json\/wp\/v2\/types\/page"}],"author":[{"embeddable":true,"href":"https:\/\/www.mirsa.es\/ca\/wp-json\/wp\/v2\/users\/1"}],"replies":[{"embeddable":true,"href":"https:\/\/www.mirsa.es\/ca\/wp-json\/wp\/v2\/comments?post=64267"}],"version-history":[{"count":0,"href":"https:\/\/www.mirsa.es\/ca\/wp-json\/wp\/v2\/pages\/64267\/revisions"}],"wp:attachment":[{"href":"https:\/\/www.mirsa.es\/ca\/wp-json\/wp\/v2\/media?parent=64267"}],"curies":[{"name":"wp","href":"https:\/\/api.w.org\/{rel}","templated":true}]}}