{"id":51425,"date":"2018-04-28T18:07:22","date_gmt":"2018-04-28T16:07:22","guid":{"rendered":"http:\/\/www.mirsa.es.mialias.net\/silla-victoria-arketipo\/"},"modified":"2021-02-24T09:49:40","modified_gmt":"2021-02-24T09:49:40","slug":"silla-victoria-arketipo","status":"publish","type":"page","link":"https:\/\/www.mirsa.es\/ca\/silla-victoria-arketipo\/","title":{"rendered":"Cadira Victoria Arketipo"},"content":{"rendered":"<div class=\"wpb-content-wrapper\"><p>[vc_row][vc_column][vc_column_text]<\/p>\n<p><img decoding=\"async\" class=\"wp-image-1077 size-large aligncenter\" title=\"Cadira Victoria Arketipo\" src=\"\/wp-content\/uploads\/2020\/07\/silla_victoria_arketipo_01.jpg\" alt=\"Cadira Victoria Arketipo\" width=\"100%\" height=\"400\"\/><\/p>\n<h2 style=\"font-size: 16px; text-align: left;\"><strong>La cadira Victoria de la prestigiosa firma italiana Arketipo Firenze \u00e9s concebuda com una interacci\u00f3 geom\u00e8trica a mig cam\u00ed entre la llibertat d\u2019expressi\u00f3 i l\u2019eleg\u00e0ncia formal.<\/strong><\/h2>\n<p style=\"font-size: 16px; text-align: left;\">Una espectacular pe\u00e7a de disseny contemporani que busca la bellesa de les l\u00ednies abstractes conscients. La seva textura de cuir suau representa un plaer est\u00e8tic i sensorial.<\/p>\n<p style=\"font-size: 16px; text-align: left;\">Una cadira elegant i funcional, que s\u2019adapta amb facilitat a qualsevol tipus d\u2019espai gr\u00e0cies a la seva lleugeresa i a la seva atrevida personalitat.<\/p>\n<p style=\"font-size: 16px; text-align: left;\">A MIRSA interiorisme &#038; mobiliari som distribu\u00efdors oficials Arketipo. Per a m\u00e9s informaci\u00f3, visiti la nostra exposici\u00f3 o contacti amb nosaltres.\n<\/p>\n<p>[\/vc_column_text][vc_row_inner][vc_column_inner]<style type=\"text\/css\">#bklyn_btn_69f2b36b24995 .bklyn-btn { color:#ffffff !important; background-color:black !important; }<\/style><div id=\"bklyn_btn_69f2b36b24995\" class=\"bklyn-btn-holder  bklyn-btn-center bklyn-btn-tablet-center bklyn-btn-mobile-center\"><a title=\"Contacto\"   href=\"\/contacto\" target=\"_self\" class=\"bklyn-btn  bklyn-btn-icon-left bklyn-btn-normal\" ><i class=\"fa fa-envelope\"><\/i><span class=\"ut-btn-text\">M\u00e9s informaci\u00f3<\/span><\/a><\/div>[\/vc_column_inner][\/vc_row_inner][\/vc_column][\/vc_row]<\/p>\n<\/div>","protected":false},"excerpt":{"rendered":"<p>[vc_row][vc_column][vc_column_text] La cadira Victoria de la prestigiosa firma italiana Arketipo Firenze \u00e9s concebuda com una interacci\u00f3 geom\u00e8trica a mig cam\u00ed entre la llibertat d\u2019expressi\u00f3 i l\u2019eleg\u00e0ncia formal. Una espectacular pe\u00e7a de disseny contemporani que busca la bellesa de les l\u00ednies abstractes conscients. La seva textura de cuir suau representa un plaer est\u00e8tic i sensorial. Una [&hellip;]<\/p>\n","protected":false},"author":1,"featured_media":0,"parent":0,"menu_order":0,"comment_status":"closed","ping_status":"closed","template":"","meta":{"footnotes":""},"class_list":["post-51425","page","type-page","status-publish","hentry"],"aioseo_notices":[],"_links":{"self":[{"href":"https:\/\/www.mirsa.es\/ca\/wp-json\/wp\/v2\/pages\/51425","targetHints":{"allow":["GET"]}}],"collection":[{"href":"https:\/\/www.mirsa.es\/ca\/wp-json\/wp\/v2\/pages"}],"about":[{"href":"https:\/\/www.mirsa.es\/ca\/wp-json\/wp\/v2\/types\/page"}],"author":[{"embeddable":true,"href":"https:\/\/www.mirsa.es\/ca\/wp-json\/wp\/v2\/users\/1"}],"replies":[{"embeddable":true,"href":"https:\/\/www.mirsa.es\/ca\/wp-json\/wp\/v2\/comments?post=51425"}],"version-history":[{"count":0,"href":"https:\/\/www.mirsa.es\/ca\/wp-json\/wp\/v2\/pages\/51425\/revisions"}],"wp:attachment":[{"href":"https:\/\/www.mirsa.es\/ca\/wp-json\/wp\/v2\/media?parent=51425"}],"curies":[{"name":"wp","href":"https:\/\/api.w.org\/{rel}","templated":true}]}}