{"id":51405,"date":"2019-07-20T18:09:18","date_gmt":"2019-07-20T16:09:18","guid":{"rendered":"http:\/\/www.mirsa.es.mialias.net\/silla-tiara-porada\/"},"modified":"2021-02-24T08:36:57","modified_gmt":"2021-02-24T08:36:57","slug":"silla-tiara-porada","status":"publish","type":"page","link":"https:\/\/www.mirsa.es\/ca\/silla-tiara-porada\/","title":{"rendered":"Cadira Tiara Porada"},"content":{"rendered":"<div class=\"wpb-content-wrapper\"><p>[vc_row][vc_column][vc_column_text]<\/p>\n<p><img decoding=\"async\" class=\"wp-image-1077 size-large aligncenter\" title=\"Cadira Tiara Porada\" src=\"\/wp-content\/uploads\/2020\/07\/silla_tiara_porada.jpg\" alt=\"Cadira Tiara Porada\" width=\"100%\" height=\"400\"\/><\/p>\n<h2 style=\"font-size: 16px; text-align: left;\"><strong>La cadira Tiara de Porada \u00e9s una espectacular pe\u00e7a de disseny contemporani patentada pel prestigi\u00f3s dissenyador itali\u00e0 C. Ballabio.<\/strong><\/h2>\n<p style=\"font-size: 16px; text-align: left;\">Es tracta d\u2019una cadira amb estructura en fusta massissa de freixe disponible en acabat natural, tenyit o lacat mate a porus obert.<\/p>\n<p style=\"font-size: 16px; text-align: left;\">Gr\u00e0cies a la seva estructura ergon\u00f2mica i a la dels volums acollidors del seu respatller, Tiara \u00e9s una cadira funcional i confortable, concebuda per a garantir el m\u00e0xim descans.<\/p>\n<p style=\"font-size: 16px; text-align: left;\">A MIRSA interiorisme &#038; mobiliari som distribu\u00efdors oficials Porada. Per a m\u00e9s informaci\u00f3, visiti el nostre Showroom o contacti amb nosaltres.<\/p>\n<p>[\/vc_column_text][vc_row_inner][vc_column_inner]<style type=\"text\/css\">#bklyn_btn_69f4bcde4bb7c .bklyn-btn { color:#ffffff !important; background-color:black !important; }<\/style><div id=\"bklyn_btn_69f4bcde4bb7c\" class=\"bklyn-btn-holder  bklyn-btn-center bklyn-btn-tablet-center bklyn-btn-mobile-center\"><a title=\"Contacto\"   href=\"\/contacto\" target=\"_self\" class=\"bklyn-btn  bklyn-btn-icon-left bklyn-btn-normal\" ><i class=\"fa fa-envelope\"><\/i><span class=\"ut-btn-text\">M\u00e9s informaci\u00f3<\/span><\/a><\/div>[\/vc_column_inner][\/vc_row_inner][\/vc_column][\/vc_row]<\/p>\n<\/div>","protected":false},"excerpt":{"rendered":"<p>[vc_row][vc_column][vc_column_text] La cadira Tiara de Porada \u00e9s una espectacular pe\u00e7a de disseny contemporani patentada pel prestigi\u00f3s dissenyador itali\u00e0 C. Ballabio. Es tracta d\u2019una cadira amb estructura en fusta massissa de freixe disponible en acabat natural, tenyit o lacat mate a porus obert. Gr\u00e0cies a la seva estructura ergon\u00f2mica i a la dels volums acollidors del [&hellip;]<\/p>\n","protected":false},"author":1,"featured_media":0,"parent":0,"menu_order":0,"comment_status":"closed","ping_status":"closed","template":"","meta":{"footnotes":""},"class_list":["post-51405","page","type-page","status-publish","hentry"],"aioseo_notices":[],"_links":{"self":[{"href":"https:\/\/www.mirsa.es\/ca\/wp-json\/wp\/v2\/pages\/51405","targetHints":{"allow":["GET"]}}],"collection":[{"href":"https:\/\/www.mirsa.es\/ca\/wp-json\/wp\/v2\/pages"}],"about":[{"href":"https:\/\/www.mirsa.es\/ca\/wp-json\/wp\/v2\/types\/page"}],"author":[{"embeddable":true,"href":"https:\/\/www.mirsa.es\/ca\/wp-json\/wp\/v2\/users\/1"}],"replies":[{"embeddable":true,"href":"https:\/\/www.mirsa.es\/ca\/wp-json\/wp\/v2\/comments?post=51405"}],"version-history":[{"count":0,"href":"https:\/\/www.mirsa.es\/ca\/wp-json\/wp\/v2\/pages\/51405\/revisions"}],"wp:attachment":[{"href":"https:\/\/www.mirsa.es\/ca\/wp-json\/wp\/v2\/media?parent=51405"}],"curies":[{"name":"wp","href":"https:\/\/api.w.org\/{rel}","templated":true}]}}