{"id":51025,"date":"2017-11-18T12:01:38","date_gmt":"2017-11-18T11:01:38","guid":{"rendered":"http:\/\/www.mirsa.es.mialias.net\/silla-barcelona-dedon\/"},"modified":"2021-02-17T11:59:47","modified_gmt":"2021-02-17T11:59:47","slug":"silla-barcelona-dedon","status":"publish","type":"page","link":"https:\/\/www.mirsa.es\/ca\/silla-barcelona-dedon\/","title":{"rendered":"Cadira Barcelona Dedon"},"content":{"rendered":"<div class=\"wpb-content-wrapper\"><p>[vc_row][vc_column][vc_column_text]<\/p>\n<h5><img decoding=\"async\" class=\"wp-image-1077 size-large aligncenter\" title=\"Cadira Barcelona Dedon\" src=\"\/wp-content\/uploads\/2020\/08\/silla_barcelona_dedon.jpg\" alt=\"Cadira Barcelona Dedon\" width=\"100%\" height=\"400\"\/><\/h5>\n<p style=\"font-size: 16px; text-align: left;\"><strong>El prestigi\u00f3s dissenyador Richard Frinier s\u2019inspira en la mentalitat urbana, oberta i cosmopolita de la ciutat catalana per a presentar-nos una pe\u00e7a \u00fanica.<\/strong><\/p>\n<p style=\"font-size: 16px; text-align: left;\">Les formes compactes i els volums generosos contrasta amb el resistent trenat de l\u2019estructura, caracteritzat de l\u2019ess\u00e8ncia de la firma. Una selecci\u00f3 de taules i seients de la mateixa l\u00ednia complementen la col\u00b7lecci\u00f3.<\/p>\n<p style=\"font-size: 16px; text-align: left;\">A MIRSA interiorisme &#038; mobiliari som distribu\u00efdors oficials Dedon. Per a m\u00e9s informaci\u00f3, visiti el nostre Showroom o contacti amb nosaltres.\n<\/p>\n<p>[\/vc_column_text][vc_row_inner][vc_column_inner]<style type=\"text\/css\">#bklyn_btn_69f42b69a9846 .bklyn-btn { color:#ffffff !important; background-color:black !important; }<\/style><div id=\"bklyn_btn_69f42b69a9846\" class=\"bklyn-btn-holder  bklyn-btn-center bklyn-btn-tablet-center bklyn-btn-mobile-center\"><a title=\"Contacto\"   href=\"\/contacto\" target=\"_self\" class=\"bklyn-btn  bklyn-btn-icon-left bklyn-btn-normal\" ><i class=\"fa fa-envelope\"><\/i><span class=\"ut-btn-text\">M\u00e9s informaci\u00f3<\/span><\/a><\/div>[\/vc_column_inner][\/vc_row_inner][\/vc_column][\/vc_row]<\/p>\n<\/div>","protected":false},"excerpt":{"rendered":"<p>[vc_row][vc_column][vc_column_text] El prestigi\u00f3s dissenyador Richard Frinier s\u2019inspira en la mentalitat urbana, oberta i cosmopolita de la ciutat catalana per a presentar-nos una pe\u00e7a \u00fanica. Les formes compactes i els volums generosos contrasta amb el resistent trenat de l\u2019estructura, caracteritzat de l\u2019ess\u00e8ncia de la firma. Una selecci\u00f3 de taules i seients de la mateixa l\u00ednia complementen [&hellip;]<\/p>\n","protected":false},"author":1,"featured_media":0,"parent":0,"menu_order":0,"comment_status":"closed","ping_status":"closed","template":"","meta":{"footnotes":""},"class_list":["post-51025","page","type-page","status-publish","hentry"],"aioseo_notices":[],"_links":{"self":[{"href":"https:\/\/www.mirsa.es\/ca\/wp-json\/wp\/v2\/pages\/51025","targetHints":{"allow":["GET"]}}],"collection":[{"href":"https:\/\/www.mirsa.es\/ca\/wp-json\/wp\/v2\/pages"}],"about":[{"href":"https:\/\/www.mirsa.es\/ca\/wp-json\/wp\/v2\/types\/page"}],"author":[{"embeddable":true,"href":"https:\/\/www.mirsa.es\/ca\/wp-json\/wp\/v2\/users\/1"}],"replies":[{"embeddable":true,"href":"https:\/\/www.mirsa.es\/ca\/wp-json\/wp\/v2\/comments?post=51025"}],"version-history":[{"count":0,"href":"https:\/\/www.mirsa.es\/ca\/wp-json\/wp\/v2\/pages\/51025\/revisions"}],"wp:attachment":[{"href":"https:\/\/www.mirsa.es\/ca\/wp-json\/wp\/v2\/media?parent=51025"}],"curies":[{"name":"wp","href":"https:\/\/api.w.org\/{rel}","templated":true}]}}