{"id":50974,"date":"2017-11-16T11:08:53","date_gmt":"2017-11-16T10:08:53","guid":{"rendered":"http:\/\/www.mirsa.es.mialias.net\/silla-aisha-porada\/"},"modified":"2021-02-16T18:25:19","modified_gmt":"2021-02-16T18:25:19","slug":"silla-aisha-porada","status":"publish","type":"page","link":"https:\/\/www.mirsa.es\/ca\/silla-aisha-porada\/","title":{"rendered":"Cadira Aisha Porada"},"content":{"rendered":"<div class=\"wpb-content-wrapper\"><p>[vc_row][vc_column][vc_column_text]<\/p>\n<h5><img decoding=\"async\" class=\"wp-image-1077 size-large aligncenter\" title=\"Cadira Aisha Porada\" src=\"\/wp-content\/uploads\/2020\/07\/aisha_chair_porada_portada.jpg\" alt=\"Cadira Aisha Porada\" width=\"100%\" height=\"400\" \/><\/h5>\n<p style=\"font-size: 16px; text-align: left;\"><strong>La cadira Aisha de Porada \u00e9s una exclusiva pe\u00e7a de disseny concebuda pel reconegut dissenyador itali\u00e0 G. Carollo.<br \/>\n<\/strong><\/p>\n<p style=\"font-size: 16px; text-align: left;\">La pe\u00e7a es caracteritza per la seva ergon\u00f2mica estructura, que es compon d\u2019un seient i un respatller constru\u00efts amb fusta massissa corbada de primera qualitat.<\/p>\n<p style=\"font-size: 16px; text-align: left;\">Aisha \u00e9s una de les cadires m\u00e9s admirades per dissenyadors i arquitectes d\u2019arreu del m\u00f3n, gr\u00e0cies a la seva est\u00e8tica elegant i refinada.<\/p>\n<p style=\"font-size: 16px; text-align: left;\">A MIRSA interiorisme &#038; mobiliari disposem d\u2019una extensa col\u00b7lecci\u00f3 de productes Porada. Per a m\u00e9s informaci\u00f3, visiti la nostra exposici\u00f3 o contacti amb nosaltres.<\/p>\n<p>[\/vc_column_text][vc_row_inner][vc_column_inner]<style type=\"text\/css\">#bklyn_btn_69f3c88c5455c .bklyn-btn { color:#ffffff !important; background-color:black !important; }<\/style><div id=\"bklyn_btn_69f3c88c5455c\" class=\"bklyn-btn-holder  bklyn-btn-center bklyn-btn-tablet-center bklyn-btn-mobile-center\"><a title=\"Contacto\"   href=\"\/contacto\" target=\"_self\" class=\"bklyn-btn  bklyn-btn-icon-left bklyn-btn-normal\" ><i class=\"fa fa-envelope\"><\/i><span class=\"ut-btn-text\">M\u00e9s informaci\u00f3<\/span><\/a><\/div>[\/vc_column_inner][\/vc_row_inner][\/vc_column][\/vc_row]<\/p>\n<\/div>","protected":false},"excerpt":{"rendered":"<p>[vc_row][vc_column][vc_column_text] La cadira Aisha de Porada \u00e9s una exclusiva pe\u00e7a de disseny concebuda pel reconegut dissenyador itali\u00e0 G. Carollo. La pe\u00e7a es caracteritza per la seva ergon\u00f2mica estructura, que es compon d\u2019un seient i un respatller constru\u00efts amb fusta massissa corbada de primera qualitat. Aisha \u00e9s una de les cadires m\u00e9s admirades per dissenyadors i [&hellip;]<\/p>\n","protected":false},"author":1,"featured_media":0,"parent":0,"menu_order":0,"comment_status":"closed","ping_status":"closed","template":"","meta":{"footnotes":""},"class_list":["post-50974","page","type-page","status-publish","hentry"],"aioseo_notices":[],"_links":{"self":[{"href":"https:\/\/www.mirsa.es\/ca\/wp-json\/wp\/v2\/pages\/50974","targetHints":{"allow":["GET"]}}],"collection":[{"href":"https:\/\/www.mirsa.es\/ca\/wp-json\/wp\/v2\/pages"}],"about":[{"href":"https:\/\/www.mirsa.es\/ca\/wp-json\/wp\/v2\/types\/page"}],"author":[{"embeddable":true,"href":"https:\/\/www.mirsa.es\/ca\/wp-json\/wp\/v2\/users\/1"}],"replies":[{"embeddable":true,"href":"https:\/\/www.mirsa.es\/ca\/wp-json\/wp\/v2\/comments?post=50974"}],"version-history":[{"count":0,"href":"https:\/\/www.mirsa.es\/ca\/wp-json\/wp\/v2\/pages\/50974\/revisions"}],"wp:attachment":[{"href":"https:\/\/www.mirsa.es\/ca\/wp-json\/wp\/v2\/media?parent=50974"}],"curies":[{"name":"wp","href":"https:\/\/api.w.org\/{rel}","templated":true}]}}